{"id":17928,"date":"2023-12-13T00:12:01","date_gmt":"2023-12-13T08:12:01","guid":{"rendered":"http:\/\/canadiansciencecentres.ca\/bilan-de-lannee-2018\/"},"modified":"2024-01-25T10:54:19","modified_gmt":"2024-01-25T18:54:19","slug":"bilan-de-lannee-2018","status":"publish","type":"page","link":"https:\/\/canadiansciencecentres.ca\/fr\/bilan-de-lannee-2018\/","title":{"rendered":"BILAN DE L&rsquo;ANN\u00c9E 2018"},"content":{"rendered":"\n<div style=\"height:100px\" aria-hidden=\"true\" class=\"wp-block-spacer\"><\/div>\n\n<div class=\"wp-block-group is-layout-flow wp-block-group-is-layout-flow\">\n<h1 class=\"wp-block-heading has-x-large-font-size\">BILAN DE L&rsquo;ANN\u00c9E 2018<\/h1>\n\n\n\n<p>L&rsquo;ACCS se penche sur les nombreuses r\u00e9alisations et r\u00e9ussites des associations en 2018. Voici quelques faits marquants de l&rsquo;ann\u00e9e.  <\/p>\n\n\n\n<div class=\"wp-block-columns is-layout-flex wp-container-core-columns-is-layout-28f84493 wp-block-columns-is-layout-flex\">\n<div class=\"wp-block-column is-layout-flow wp-block-column-is-layout-flow\">\n<p><strong>&gt;  Construire et tirer parti<\/strong><\/p>\n\n\n\n<p><a href=\"https:\/\/www.mariannemader.com\/#aboutme\" target=\"_blank\" rel=\"noreferrer noopener\">\n  <u>Marianne Mader<\/u>\n<\/a> a rejoint l&rsquo;association en tant que nouvelle directrice ex\u00e9cutive en juin 2018.<\/p>\n\n\n\n<p>Un groupe de travail sur la planification strat\u00e9gique a \u00e9t\u00e9 mis en place et l&rsquo;<strong>ACCS a invit\u00e9 les membres<\/strong> \u00e0 contribuer au <strong>plan strat\u00e9gique 2019-2022<\/strong> lors de la 16e conf\u00e9rence annuelle \u00e0 Prince George, en Colombie-Britannique.  <\/p>\n<\/div>\n\n\n\n<div class=\"wp-block-column is-layout-flow wp-block-column-is-layout-flow\">\n<figure class=\"wp-block-embed is-type-video is-provider-youtube wp-block-embed-youtube wp-embed-aspect-16-9 wp-has-aspect-ratio\"><div class=\"wp-block-embed__wrapper\">\n<iframe loading=\"lazy\" title=\"Why Do We Need Science Centres?\" width=\"500\" height=\"281\" src=\"https:\/\/www.youtube.com\/embed\/Ve96t6faGNs?feature=oembed\" frameborder=\"0\" allow=\"accelerometer; autoplay; clipboard-write; encrypted-media; gyroscope; picture-in-picture; web-share\" referrerpolicy=\"strict-origin-when-cross-origin\" allowfullscreen><\/iframe>\n<\/div><\/figure>\n<\/div>\n<\/div>\n\n\n\n<div style=\"height:60px\" aria-hidden=\"true\" class=\"wp-block-spacer\"><\/div>\n\n\n\n<div class=\"wp-block-columns is-layout-flex wp-container-core-columns-is-layout-28f84493 wp-block-columns-is-layout-flex\">\n<div class=\"wp-block-column is-layout-flow wp-block-column-is-layout-flow\">\n<p><strong>&gt;  \u00c9quit\u00e9, diversit\u00e9 et inclusion<\/strong><\/p>\n\n\n\n<p>Inspir\u00e9 par sa relation \u00e9troite avec la Premi\u00e8re Nation locale Lheidli T&rsquo;enneh, The Exploration Place a voulu envoyer un message clair \u00e0 l&rsquo;<a href=\"https:\/\/canadiansciencecentres.ca\/CASC2018\">ACCS 2018<\/a>: la <strong>r\u00e9conciliation par la collaboration est une strat\u00e9gie puissante<\/strong>.<\/p>\n\n\n\n<figure class=\"wp-block-image size-full\"><img loading=\"lazy\" decoding=\"async\" width=\"400\" height=\"300\" src=\"https:\/\/canadiansciencecentres.ca\/wp-content\/uploads\/2023\/12\/CASC-2018.jpg\" alt=\"\" class=\"wp-image-16711\" style=\"object-fit:cover\"\/><\/figure>\n\n\n\n<figure class=\"wp-block-image size-full\"><img loading=\"lazy\" decoding=\"async\" width=\"400\" height=\"203\" src=\"https:\/\/canadiansciencecentres.ca\/wp-content\/uploads\/2023\/12\/STEMneutral.jpg\" alt=\"\" class=\"wp-image-16712\"\/><\/figure>\n<\/div>\n\n\n\n<div class=\"wp-block-column is-layout-flow wp-block-column-is-layout-flow\">\n<figure class=\"wp-block-image size-full\"><img loading=\"lazy\" decoding=\"async\" width=\"783\" height=\"1280\" src=\"https:\/\/canadiansciencecentres.ca\/wp-content\/uploads\/2023\/12\/CASC-2018-Highlights-Infographic-EN.jpg\" alt=\"\" class=\"wp-image-16710\" srcset=\"https:\/\/canadiansciencecentres.ca\/wp-content\/uploads\/2023\/12\/CASC-2018-Highlights-Infographic-EN.jpg 783w, https:\/\/canadiansciencecentres.ca\/wp-content\/uploads\/2023\/12\/CASC-2018-Highlights-Infographic-EN-612x1000.jpg 612w, https:\/\/canadiansciencecentres.ca\/wp-content\/uploads\/2023\/12\/CASC-2018-Highlights-Infographic-EN-768x1255.jpg 768w\" sizes=\"auto, (max-width: 783px) 100vw, 783px\" \/><\/figure>\n<\/div>\n<\/div>\n\n\n\n<p>Ce webinaire a utilis\u00e9 des activit\u00e9s engageantes pour <strong>mettre en lumi\u00e8re les derni\u00e8res recherches scientifiques sur l&rsquo;\u00e9quit\u00e9 en mati\u00e8re de STIM.<\/strong> En comprenant mieux comment les barri\u00e8res sont cr\u00e9\u00e9es pour les femmes et les personnes historiquement marginalis\u00e9es dans les STIM, vous serez mieux \u00e9quip\u00e9s pour mener les conversions difficiles, mais n\u00e9cessaires, sur l&rsquo;EDI dans les espaces de votre centre scientifique.  <\/p>\n\n\n\n<p><a href=\"https:\/\/canadiansciencecentres.ca\/Sys\/Store\/Products\/4812\" target=\"_blank\" rel=\"noreferrer noopener\">Vous n&rsquo;avez pas pu y assister ? Commandez une copie de l&rsquo;enregistrement !<\/a><\/p>\n\n\n\n<div style=\"height:60px\" aria-hidden=\"true\" class=\"wp-block-spacer\"><\/div>\n\n\n\n<p><strong>&gt;  Financement et programmation<\/strong><\/p>\n\n\n\n<blockquote class=\"wp-block-quote is-layout-flow wp-block-quote-is-layout-flow\">\n<p><strong>Mus\u00e9e de la nature et des sciences de Sherbrooke, <\/strong>Sherbrooke, QC : Sortie ENTRE CIEL ET TERRE : rencontrez des chercheurs de l&rsquo;Universit\u00e9 de Sherbrooke<\/p>\n\n\n\n<p><strong>Ocean W<\/strong>ise, Vancouver BC : Retraite des r\u00e9dacteurs du Dialogue national sur les plastiques d&rsquo;Ocean Wise<\/p>\n\n\n\n<p><strong>Science World British Columbia<\/strong>, Vancouver BC : To Catch a Falling Sky : Une s\u00e9rie de conversations explorant les d\u00e9fis et les solutions pour l&rsquo;eau, l&rsquo;\u00e9nergie et les ressources alimentairesTELUS<strong>World of Science Edmonton<\/strong>, Edmonton, AB : Zone de recherche<\/p>\n<\/blockquote>\n\n\n\n<div style=\"height:60px\" aria-hidden=\"true\" class=\"wp-block-spacer\"><\/div>\n\n\n\n<div class=\"wp-block-columns is-layout-flex wp-container-core-columns-is-layout-28f84493 wp-block-columns-is-layout-flex\">\n<div class=\"wp-block-column is-layout-flow wp-block-column-is-layout-flow\">\n<p><strong>&gt;  Gouvernement et d\u00e9fense des int\u00e9r\u00eats<\/strong><\/p>\n\n\n\n<p>Pendant la <a href=\"https:\/\/canadiansciencecentres.ca\/Science-Literacy-Week\">\n  <u>Semaine de la culture scientifique<\/u>\n<\/a> (17 au 23 septembre 2018), l&rsquo;ACCS a \u00e9t\u00e9 invit\u00e9e \u00e0 participer \u00e0 l&rsquo;<strong>Expo-sciences du Premier ministre \u00e0 Ottawa<\/strong>. Cette occasion unique a \u00e9t\u00e9 une excellente plateforme pour les membres de l&rsquo;ACCS de montrer l&rsquo;importance de l&rsquo;\u00e9ducation informelle et de la culture scientifique \u00e0 travers le Canada. Des expositions de 9 centres scientifiques, mus\u00e9es scientifiques et Makerspaces membres de l&rsquo;ACCS ont \u00e9t\u00e9 pr\u00e9sent\u00e9es.<\/p>\n<\/div>\n\n\n\n<div class=\"wp-block-column is-layout-flow wp-block-column-is-layout-flow\">\n<figure class=\"wp-block-image size-full\"><img loading=\"lazy\" decoding=\"async\" width=\"400\" height=\"300\" src=\"https:\/\/canadiansciencecentres.ca\/wp-content\/uploads\/2023\/12\/PMSF.jpg\" alt=\"\" class=\"wp-image-16713\"\/><\/figure>\n<\/div>\n<\/div>\n\n\n\n<div style=\"height:60px\" aria-hidden=\"true\" class=\"wp-block-spacer\"><\/div>\n\n\n\n<div class=\"wp-block-columns is-layout-flex wp-container-core-columns-is-layout-28f84493 wp-block-columns-is-layout-flex\">\n<div class=\"wp-block-column is-layout-flow wp-block-column-is-layout-flow\">\n<figure class=\"wp-block-image size-full\"><img loading=\"lazy\" decoding=\"async\" width=\"397\" height=\"298\" src=\"https:\/\/canadiansciencecentres.ca\/wp-content\/uploads\/2023\/12\/CASC-Members-w-Minister-Duncan.jpg\" alt=\"\" class=\"wp-image-16714\"\/><\/figure>\n\n\n\n<figure class=\"wp-block-image size-full\"><img loading=\"lazy\" decoding=\"async\" width=\"400\" height=\"300\" src=\"https:\/\/canadiansciencecentres.ca\/wp-content\/uploads\/2023\/12\/Roundtable.jpg\" alt=\"\" class=\"wp-image-16715\"\/><\/figure>\n\n\n\n<figure class=\"wp-block-image size-full is-resized\"><img loading=\"lazy\" decoding=\"async\" width=\"1024\" height=\"768\" src=\"https:\/\/canadiansciencecentres.ca\/wp-content\/uploads\/2023\/12\/Dnec5AOW4AAo2Cu.jpg-large.jpg\" alt=\"\" class=\"wp-image-16716\" style=\"width:400px\" srcset=\"https:\/\/canadiansciencecentres.ca\/wp-content\/uploads\/2023\/12\/Dnec5AOW4AAo2Cu.jpg-large.jpg 1024w, https:\/\/canadiansciencecentres.ca\/wp-content\/uploads\/2023\/12\/Dnec5AOW4AAo2Cu.jpg-large-640x480.jpg 640w, https:\/\/canadiansciencecentres.ca\/wp-content\/uploads\/2023\/12\/Dnec5AOW4AAo2Cu.jpg-large-768x576.jpg 768w\" sizes=\"auto, (max-width: 1024px) 100vw, 1024px\" \/><\/figure>\n<\/div>\n\n\n\n<div class=\"wp-block-column is-layout-flow wp-block-column-is-layout-flow\">\n<p>Lors de son passage sur la Colline, la <strong>ministre de la Science et du Sport, Kirsty Duncan, a \u00e9galement organis\u00e9 une table ronde<\/strong> avec les repr\u00e9sentants suivants de <strong>11 organisations membres de l&rsquo;ACCS<\/strong> afin de discuter de l&rsquo;impact que nous avons sur la communication de la science aux Canadiens de tous \u00e2ges :<br\/>Tracy CalogherosCEO, The Exploration Place ; Pr\u00e9sidente du Conseil d&rsquo;administration de l&rsquo;ACCS<br\/>Sandra Corbeil<br\/>Partenariats strat\u00e9giques et r\u00e9seaux, Ingenium &#8211; Mus\u00e9es canadiens de la science et de l&rsquo;innovation ; vice-pr\u00e9sident du conseil d&rsquo;administration de l&rsquo;ACCS<br\/><br\/>Alan Nursall<br\/>Pr\u00e9sident-directeur g\u00e9n\u00e9ral, Telus World of Science &#8211; Edmonton<br\/><br\/>Andy Forest<br\/>Directeur ex\u00e9cutif, STEAMLabs<br\/><br\/>Catherine Paisley<br\/>Vice-pr\u00e9sident de l&rsquo;enseignement des sciences et de l&rsquo;exp\u00e9rience scientifique, Centre des sciences de l&rsquo;Ontario<br\/><br\/>Chris Kitzan<br\/>Directeur, Ingenium &#8211; Mus\u00e9e canadien de l&rsquo;aviation et de l&rsquo;espace<br\/><br\/>Jean-Daniel Doucet<br\/>Chef de projet, Centre des sciences de Montr\u00e9al<br\/>Jo-Ann Coggan<br\/>Directeur de la sensibilisation des communaut\u00e9s, Science World BC<br\/><br\/>Nicole Chiasson<br\/>Directeur de l&rsquo;\u00e9ducation et des programmes nordiques, Science Nord<br\/><br\/>Sarah King<br\/>Conseiller scientifique, Ingenium &#8211; Mus\u00e9e canadien de l&rsquo;agriculture et de l&rsquo;alimentation<\/p>\n<\/div>\n<\/div>\n\n\n\n<div style=\"height:60px\" aria-hidden=\"true\" class=\"wp-block-spacer\"><\/div>\n\n\n\n<div class=\"wp-block-columns is-layout-flex wp-container-core-columns-is-layout-28f84493 wp-block-columns-is-layout-flex\">\n<div class=\"wp-block-column is-layout-flow wp-block-column-is-layout-flow\">\n<p>La troisi\u00e8me \u00e9dition de <a href=\"http:\/\/www.iscsmd.org\/\" target=\"_blank\" rel=\"noreferrer noopener\">la Journ\u00e9e internationale des centres et mus\u00e9es scientifiques<\/a> (ISCSMD) a \u00e9t\u00e9 une nouvelle fois un grand succ\u00e8s ! Le <strong>10 novembre 2018, des centres et mus\u00e9es scientifiques du monde entier ont particip\u00e9 \u00e0 cette c\u00e9l\u00e9bration de la science en tant que droit de l&rsquo;homme<\/strong>, dont plusieurs membres de l&rsquo;ACCS. <a href=\"https:\/\/canadiansciencecentres.ca\/ISCSMD\">\n  <u>membres de l&rsquo;ACCS<\/u>\n<\/a>Le 10 novembre 2018, les centres et mus\u00e9es des sciences du monde entier ont particip\u00e9 \u00e0 cette c\u00e9l\u00e9bration de la science en tant que droit de l&rsquo;homme, y compris plusieurs membres de l&rsquo;ACCS.<\/p>\n<\/div>\n\n\n\n<div class=\"wp-block-column is-layout-flow wp-block-column-is-layout-flow\">\n<figure class=\"wp-block-image size-full\"><img loading=\"lazy\" decoding=\"async\" width=\"400\" height=\"300\" src=\"https:\/\/canadiansciencecentres.ca\/wp-content\/uploads\/2023\/12\/SDG.jpg\" alt=\"\" class=\"wp-image-16717\"\/><\/figure>\n<\/div>\n<\/div>\n\n\n\n<p><strong>&gt;  Mise en r\u00e9seau et partenariats<\/strong><\/p>\n\n\n\n<div class=\"wp-block-columns is-layout-flex wp-container-core-columns-is-layout-28f84493 wp-block-columns-is-layout-flex\">\n<div class=\"wp-block-column is-layout-flow wp-block-column-is-layout-flow\" style=\"flex-basis:33%\">\n<figure class=\"wp-block-image size-full\"><img loading=\"lazy\" decoding=\"async\" width=\"835\" height=\"637\" src=\"https:\/\/canadiansciencecentres.ca\/wp-content\/uploads\/2023\/12\/Space-Matters-Logo.png\" alt=\"\" class=\"wp-image-16718\" srcset=\"https:\/\/canadiansciencecentres.ca\/wp-content\/uploads\/2023\/12\/Space-Matters-Logo.png 835w, https:\/\/canadiansciencecentres.ca\/wp-content\/uploads\/2023\/12\/Space-Matters-Logo-640x488.png 640w, https:\/\/canadiansciencecentres.ca\/wp-content\/uploads\/2023\/12\/Space-Matters-Logo-768x586.png 768w\" sizes=\"auto, (max-width: 835px) 100vw, 835px\" \/><\/figure>\n<\/div>\n\n\n\n<div class=\"wp-block-column is-layout-flow wp-block-column-is-layout-flow\">\n<p>L&rsquo;ACCS codirige une nouvelle initiative avec le Centre for Planetary Science and Exploration (CPSX) de l&rsquo;Universit\u00e9 de Western Ontario afin de cr\u00e9er une communaut\u00e9 collaborative de sensibilisation et d&rsquo;\u00e9ducation \u00e0 l&rsquo;espace \u00e0 travers le Canada.  <strong><a href=\"https:\/\/canadiansciencecentres.ca\/Space-Matters\">\n  <u>L&rsquo;espace compte<\/u>\n<\/a> est d&rsquo;utiliser une approche d&rsquo;apprentissage connect\u00e9<\/strong>  favoriser des collaborations dynamiques entre les \u00e9coles, les programmes extrascolaires, les institutions sp\u00e9cialis\u00e9es dans les STIM (par exemple, les mus\u00e9es, les centres scientifiques, les universit\u00e9s), le secteur priv\u00e9, les organisations communautaires, les jeunes et les familles,  <strong>en utilisant l&rsquo;espace comme sujet de liaison.<\/strong><\/p>\n<\/div>\n<\/div>\n<\/div>\n\n<div style=\"height:100px\" aria-hidden=\"true\" class=\"wp-block-spacer\"><\/div>\n","protected":false},"excerpt":{"rendered":"<p>BILAN DE L&rsquo;ANN\u00c9E 2018 L&rsquo;ACCS se penche sur les nombreuses r\u00e9alisations et r\u00e9ussites des associations en 2018. Voici quelques faits marquants de l&rsquo;ann\u00e9e. &gt; Construire et tirer parti Marianne Mader a rejoint l&rsquo;association en tant que nouvelle directrice ex\u00e9cutive en juin 2018. Un groupe de travail sur la planification strat\u00e9gique a \u00e9t\u00e9 mis en place [&hellip;]<\/p>\n","protected":false},"author":1,"featured_media":0,"parent":0,"menu_order":0,"comment_status":"closed","ping_status":"closed","template":"","meta":{"footnotes":""},"class_list":["post-17928","page","type-page","status-publish","hentry"],"acf":[],"_links":{"self":[{"href":"https:\/\/canadiansciencecentres.ca\/fr\/wp-json\/wp\/v2\/pages\/17928","targetHints":{"allow":["GET"]}}],"collection":[{"href":"https:\/\/canadiansciencecentres.ca\/fr\/wp-json\/wp\/v2\/pages"}],"about":[{"href":"https:\/\/canadiansciencecentres.ca\/fr\/wp-json\/wp\/v2\/types\/page"}],"author":[{"embeddable":true,"href":"https:\/\/canadiansciencecentres.ca\/fr\/wp-json\/wp\/v2\/users\/1"}],"replies":[{"embeddable":true,"href":"https:\/\/canadiansciencecentres.ca\/fr\/wp-json\/wp\/v2\/comments?post=17928"}],"version-history":[{"count":0,"href":"https:\/\/canadiansciencecentres.ca\/fr\/wp-json\/wp\/v2\/pages\/17928\/revisions"}],"wp:attachment":[{"href":"https:\/\/canadiansciencecentres.ca\/fr\/wp-json\/wp\/v2\/media?parent=17928"}],"curies":[{"name":"wp","href":"https:\/\/api.w.org\/{rel}","templated":true}]}}